{"id":160761,"date":"2026-07-14T21:55:50","date_gmt":"2026-07-14T18:55:50","guid":{"rendered":"https:\/\/statybutech.lt\/preke\/krosnele-su-vandens-konturu-temy-pro-12-kw-kaireje-smelio-2\/"},"modified":"2026-07-14T21:55:50","modified_gmt":"2026-07-14T18:55:50","slug":"krosnele-su-vandens-konturu-temy-pro-12-kw-kaireje-smelio-2","status":"publish","type":"product","link":"https:\/\/statybutech.lt\/lv\/preke\/krosnele-su-vandens-konturu-temy-pro-12-kw-kaireje-smelio-2\/","title":{"rendered":"Kr\u0101sni\u0146a ar \u016bdens kont\u016bru TEMY PRO (12 kW) Left Sand"},"content":{"rendered":"<h2 style=\"text-align: left;\"><strong>APRAKSTS<\/strong><\/h2>\n<table style=\"width: 100%; border-collapse: collapse; border-style: hidden;\">\n<tbody>\n<tr>\n<td style=\"width: 100%;\">\n<h2><strong><img loading=\"lazy\" decoding=\"async\" class=\"wp-image-24612 aligncenter\" src=\"https:\/\/rs-technika.lt\/wp-content\/uploads\/2025\/08\/krosnele-su-vandens-konturu-temy-pro-12-kw-450x450.jpg\" alt=\"Krosnel\u0117 su vandens kont\u016bru TEMY PRO (12 kW)\" width=\"400\" height=\"400\"><\/strong><\/h2>\n<\/td>\n<\/tr>\n<tr>\n<td style=\"width: 100%;\">Kr\u0101sni\u0146a ar \u016bdens kont\u016bru TEMY PRO ir paredz\u0113ta lieto\u0161anai dz\u012bvojam\u0101s telp\u0101s. \u0160is ir ciet\u0101 kurin\u0101m\u0101 katls bez siltumizol\u0101cijas. Aug\u0161\u0113jo virsmu var izmantot \u0113diena gatavo\u0161anai. Pateicoties izstr\u0101d\u0101juma kompaktajiem izm\u0113riem, to var uzst\u0101d\u012bt neliel\u0101 telp\u0101.<\/p>\n<p>Nevainojamas kvalit\u0101tes un uzticamas konstrukcijas pl\u012bts-katls TEMY PRO ir ra\u017eots saska\u0146\u0101 ar EN 303-5 un atbilst ekolo\u0123isk\u0101 dizaina krit\u0113rijiem 2015:1189.<\/p>\n<p>Uzst\u0101dot katlu dz\u012bvojam\u0101s telp\u0101s, oblig\u0101ti j\u0101iev\u0113ro EN 12809:2006 noteikt\u0101s dro\u0161\u012bbas pras\u012bbas.<\/p>\n<p>Ier\u012bci var kurin\u0101t tikai ar sausu malku, kuras relat\u012bvais mitrums ir maz\u0101ks par 12% un siltumsp\u0113ja vien\u0101da vai liel\u0101ka par 15 MJ\/kg.<\/p>\n<p>Katla sadeg\u0161anas kamera ir izgatavota no katla t\u0113rauda, bet aug\u0161\u0113j\u0101s pl\u0101ksnes r\u0101mis ir izgatavots no ner\u016bs\u0113jo\u0161\u0101 t\u0113rauda AISI 314. Durvju r\u0101mis ir atliets no \u010duguna. Aug\u0161\u0113j\u0101s durvis ir izgatavotas no ugunsdro\u0161a stikla, bet apak\u0161\u0113j\u0101s &#8211; no t\u0113rauda.<\/p>\n<p>D\u016bmvadu var uzst\u0101d\u012bt katla aug\u0161pus\u0113 vai s\u0101nos.<\/p>\n<div class=\"wpb_text_column wpb_content_element\">\n<div class=\"wpb_wrapper\">\n<p>Lielais karst\u0101 \u016bdens apjoms katl\u0101 garant\u0113 produkta k\u0101 centr\u0101l\u0101s apkures katla funkcionalit\u0101ti. Apkures katlam nav siltumizol\u0101cijas p\u0101rkl\u0101juma, t\u0101p\u0113c da\u013ca siltuma tiek izstarota vid\u0113, t\u0101d\u0113j\u0101di apsildot telpu, kur\u0101 iek\u0101rta ir uzst\u0101d\u012bta.<\/p>\n<\/div>\n<\/div>\n<\/td>\n<\/tr>\n<\/tbody>\n<\/table>\n<h2>TEHNISKIE PARAMETRI<\/h2>\n<table style=\"border-collapse: collapse; width: 94.8967%; height: 457px;\">\n<tbody>\n<tr style=\"height: 24px;\">\n<td style=\"width: 50%; height: 24px;\"><strong>Z\u012bmola nosaukums<\/strong><\/td>\n<td style=\"width: 50%; height: 24px;\">TERMOMONT<\/td>\n<\/tr>\n<tr style=\"height: 24px;\">\n<td style=\"width: 50%; height: 24px;\"><strong>Modelis<\/strong><\/td>\n<td style=\"width: 50%; height: 24px;\">T\u0112MAS PRO<\/td>\n<\/tr>\n<tr style=\"height: 24px;\">\n<td style=\"width: 50%; height: 24px;\"><strong>Sild\u012b\u0161anas jauda<\/strong><\/td>\n<td style=\"width: 50%; height: 24px;\">nomin\u0101l\u0101 &#8211; 12 kW <em>(apm\u0113ram 110 gadus<span style=\"font-size: 10pt;\"><sup>2<\/sup><\/span> apgabals)<\/em><\/td>\n<\/tr>\n<tr style=\"height: 24px;\">\n<td style=\"width: 50%; height: 24px;\"><strong>\u016adens \u0137\u0113des jauda<\/strong><\/td>\n<td style=\"width: 50%; height: 24px;\">9 kW<\/td>\n<\/tr>\n<tr>\n<td style=\"width: 50%;\"><strong>\u016adens tilpums<\/strong><\/td>\n<td style=\"width: 50%;\">31 l<\/td>\n<\/tr>\n<tr style=\"height: 24px;\">\n<td style=\"width: 50%; height: 25px;\"><strong>Kr\u0101sni\u0146a izm\u0113ri<\/strong><\/td>\n<td style=\"width: 50%; height: 25px;\">(A x P x D) 81 x 70 x 71 cm<\/td>\n<\/tr>\n<tr style=\"height: 24px;\">\n<td style=\"width: 50%; height: 24px;\"><strong>Izpl\u016bdes atvere<\/strong><\/td>\n<td style=\"width: 50%; height: 24px;\">aug\u0161pus\u0113, 120 mm<\/td>\n<\/tr>\n<tr style=\"height: 24px;\">\n<td style=\"width: 50%; height: 24px;\"><strong>Degviela<\/strong><\/td>\n<td style=\"width: 50%; height: 24px;\">koks, briketes, ogles<\/td>\n<\/tr>\n<tr style=\"height: 24px;\">\n<td style=\"width: 50%; height: 24px;\"><strong>Sagataves garums<\/strong><\/td>\n<td style=\"width: 50%; height: 24px;\">l\u012bdz 50 cm<\/td>\n<\/tr>\n<tr style=\"height: 24px;\">\n<td style=\"width: 50%; height: 24px;\"><strong>Svars<\/strong><\/td>\n<td style=\"width: 50%; height: 24px;\">191 kg<\/td>\n<\/tr>\n<tr style=\"height: 24px;\">\n<td style=\"width: 50%; height: 24px;\"><strong>Celtniec\u012bbas materi\u0101ls<\/strong><\/td>\n<td style=\"width: 50%; height: 24px;\">t\u0113rauds + \u010duguns<\/td>\n<\/tr>\n<tr style=\"height: 24px;\">\n<td style=\"width: 50%; height: 24px;\"><strong>Kam\u012bna materi\u0101ls<\/strong><\/td>\n<td style=\"width: 50%; height: 24px;\">katlu t\u0113rauds<\/td>\n<\/tr>\n<tr style=\"height: 24px;\">\n<td style=\"width: 50%; height: 24px;\"><strong>Kr\u0101sas<\/strong><\/td>\n<td style=\"width: 50%; height: 24px;\">balts \/ b\u0113\u0161s \/ melns<\/td>\n<\/tr>\n<tr style=\"height: 24px;\">\n<td style=\"width: 50%; height: 24px;\"><strong>\u0112dienu gatavo\u0161anas iesp\u0113ja<\/strong><\/td>\n<td style=\"width: 50%; height: 24px;\">j\u0101<\/td>\n<\/tr>\n<tr style=\"height: 24px;\">\n<td style=\"width: 50%; height: 24px;\"><strong>Clean glass system<\/strong><\/td>\n<td style=\"width: 50%; height: 24px;\">n\u0113<\/td>\n<\/tr>\n<tr style=\"height: 24px;\">\n<td style=\"width: 50%; height: 24px;\"><strong>Izpl\u016bdes deflektors<\/strong><\/td>\n<td style=\"width: 50%; height: 24px;\">j\u0101<\/td>\n<\/tr>\n<tr style=\"height: 24px;\">\n<td style=\"width: 50%; height: 24px;\"><strong>Regul\u0113jams amortizators<\/strong><\/td>\n<td style=\"width: 50%; height: 24px;\">j\u0101<\/td>\n<\/tr>\n<tr style=\"height: 24px;\">\n<td style=\"width: 50%; height: 24px;\"><strong>Re\u017e\u0123i<\/strong><\/td>\n<td style=\"width: 50%; height: 24px;\">\u010duguns<\/td>\n<\/tr>\n<tr style=\"height: 24px;\">\n<td style=\"width: 50%; height: 24px;\"><strong>Pelnu trauks ir no\u0146emams<\/strong><\/td>\n<td style=\"width: 50%; height: 24px;\">j\u0101<\/td>\n<\/tr>\n<tr style=\"height: 24px;\">\n<td style=\"width: 50%; height: 24px;\"><strong>A shelf under the fireplace<\/strong><\/td>\n<td style=\"width: 50%; height: 24px;\">n\u0113<\/td>\n<\/tr>\n<\/tbody>\n<\/table>","protected":false},"excerpt":{"rendered":"<h4>VISP\u0100R\u012aG\u0100S SPECIFIK\u0100CIJAS<\/h4>\n<table style=\"border-collapse: collapse; width: 95.2841%; height: 99px;\">\n<tbody>\n<tr style=\"height: 24px;\">\n<td style=\"width: 631.344px; height: 24px;\"><strong>Jauda<\/strong><\/td>\n<td style=\"width: 631.359px; height: 24px;\">nomin\u0101l\u0101 &#8211; 12 kW <em>(apm\u0113ram 110 gadus<span style=\"font-size: 10pt;\"><sup>2<\/sup><\/span> apgabals)<\/em><\/td>\n<\/tr>\n<tr style=\"height: 27px;\">\n<td style=\"width: 631.344px; height: 27px;\"><strong>Izm\u0113ri<\/strong><\/td>\n<td style=\"width: 631.359px; height: 27px;\">(A x P x D) 81 x 70 x 71 cm<\/td>\n<\/tr>\n<tr style=\"height: 24px;\">\n<td style=\"width: 631.344px; height: 24px;\"><strong>Izejas caurums<\/strong><\/td>\n<td style=\"width: 631.359px; height: 24px;\">aug\u0161pus\u0113, 120 mm<\/td>\n<\/tr>\n<tr style=\"height: 24px;\">\n<td style=\"width: 631.344px; height: 24px;\"><strong>Svars<\/strong><\/td>\n<td style=\"width: 631.359px; height: 24px;\">191 kg<\/td>\n<\/tr>\n<\/tbody>\n<\/table>\n<p><span style=\"font-size: 10pt;\"><em>* Ja v\u0113lam\u0101 prece \u0161obr\u012bd nav pieejama, s\u016btiet piepras\u012bjumu uz e-pastu. pa pastu<strong>\u00a0info@rstechnika.lt<\/strong>. Varb\u016bt prece jau ir ce\u013c\u0101 pie mums!<\/em><\/span> <\/p>","protected":false},"featured_media":0,"comment_status":"open","ping_status":"closed","template":"","meta":{"_joinchat":[]},"product_brand":[],"product_cat":[7465,7622],"product_tag":[],"class_list":["post-160761","product","type-product","status-publish","product_cat-krosneles-sildymo-iranga","product_cat-krosneles-su-vandens-konturu-zidiniai","first","instock","shipping-taxable","purchasable","product-type-simple"],"yoast_head":"<!-- This site is optimized with the Yoast SEO plugin v24.5 - https:\/\/yoast.com\/wordpress\/plugins\/seo\/ -->\n<title>Krosnel\u0117 su vandens kont\u016bru TEMY PRO (12 kW) Kair\u0117je Sm\u0117lio - STATYBUTECH.LT<\/title>\n<meta name=\"robots\" content=\"index, follow, max-snippet:-1, max-image-preview:large, max-video-preview:-1\" \/>\n<link rel=\"canonical\" href=\"https:\/\/statybutech.lt\/lv\/preke\/krosnele-su-vandens-konturu-temy-pro-12-kw-kaireje-smelio-2\/\" \/>\n<meta property=\"og:locale\" content=\"lv_LV\" \/>\n<meta property=\"og:type\" content=\"article\" \/>\n<meta property=\"og:title\" content=\"Krosnel\u0117 su vandens kont\u016bru TEMY PRO (12 kW) Kair\u0117je Sm\u0117lio - STATYBUTECH.LT\" \/>\n<meta property=\"og:description\" content=\"VISP\u0100R\u012aG\u0100S SPECIFIK\u0100CIJAS  Jauda nomin\u0101l\u0101 - 12 kW (apm\u0113ram 110 gadus2 apgabals)  Izm\u0113ri (A x P x D) 81 x 70 x 71 cm  Izejas caurums aug\u0161pus\u0113, 120 mm  Svars 191 kg  * Ja v\u0113lam\u0101 prece \u0161obr\u012bd nav pieejama, s\u016btiet piepras\u012bjumu uz e-pastu. pa pastu\u00a0info@rstechnika.lt. Varb\u016bt prece jau ir ce\u013c\u0101 pie mums!\" \/>\n<meta property=\"og:url\" content=\"https:\/\/statybutech.lt\/lv\/preke\/krosnele-su-vandens-konturu-temy-pro-12-kw-kaireje-smelio-2\/\" \/>\n<meta property=\"og:site_name\" content=\"STATYBUTECH.LT\" \/>\n<meta property=\"og:image\" content=\"https:\/\/statybutech.lt\/wp-content\/uploads\/070720266a4d2e08152bb.jpeg\" \/>\n\t<meta property=\"og:image:width\" content=\"1500\" \/>\n\t<meta property=\"og:image:height\" content=\"1500\" \/>\n\t<meta property=\"og:image:type\" content=\"image\/jpeg\" \/>\n<meta name=\"twitter:card\" content=\"summary_large_image\" \/>\n<meta name=\"twitter:label1\" content=\"Est. reading time\" \/>\n\t<meta name=\"twitter:data1\" content=\"1 min\u016bte\" \/>\n<script type=\"application\/ld+json\" class=\"yoast-schema-graph\">{\"@context\":\"https:\/\/schema.org\",\"@graph\":[{\"@type\":\"WebPage\",\"@id\":\"https:\/\/statybutech.lt\/preke\/krosnele-su-vandens-konturu-temy-pro-12-kw-kaireje-smelio-2\/\",\"url\":\"https:\/\/statybutech.lt\/preke\/krosnele-su-vandens-konturu-temy-pro-12-kw-kaireje-smelio-2\/\",\"name\":\"Krosnel\u0117 su vandens kont\u016bru TEMY PRO (12 kW) Kair\u0117je Sm\u0117lio - STATYBUTECH.LT\",\"isPartOf\":{\"@id\":\"https:\/\/statybutech.lt\/#website\"},\"primaryImageOfPage\":{\"@id\":\"https:\/\/statybutech.lt\/preke\/krosnele-su-vandens-konturu-temy-pro-12-kw-kaireje-smelio-2\/#primaryimage\"},\"image\":{\"@id\":\"https:\/\/statybutech.lt\/preke\/krosnele-su-vandens-konturu-temy-pro-12-kw-kaireje-smelio-2\/#primaryimage\"},\"thumbnailUrl\":\"https:\/\/rs-technika.lt\/wp-content\/uploads\/2025\/08\/krosnele-su-vandens-konturu-temy-pro-12-kw-450x450.jpg\",\"datePublished\":\"2026-07-14T18:55:50+00:00\",\"breadcrumb\":{\"@id\":\"https:\/\/statybutech.lt\/preke\/krosnele-su-vandens-konturu-temy-pro-12-kw-kaireje-smelio-2\/#breadcrumb\"},\"inLanguage\":\"lv-LV\",\"potentialAction\":[{\"@type\":\"ReadAction\",\"target\":[\"https:\/\/statybutech.lt\/preke\/krosnele-su-vandens-konturu-temy-pro-12-kw-kaireje-smelio-2\/\"]}]},{\"@type\":\"ImageObject\",\"inLanguage\":\"lv-LV\",\"@id\":\"https:\/\/statybutech.lt\/preke\/krosnele-su-vandens-konturu-temy-pro-12-kw-kaireje-smelio-2\/#primaryimage\",\"url\":\"https:\/\/rs-technika.lt\/wp-content\/uploads\/2025\/08\/krosnele-su-vandens-konturu-temy-pro-12-kw-450x450.jpg\",\"contentUrl\":\"https:\/\/rs-technika.lt\/wp-content\/uploads\/2025\/08\/krosnele-su-vandens-konturu-temy-pro-12-kw-450x450.jpg\"},{\"@type\":\"BreadcrumbList\",\"@id\":\"https:\/\/statybutech.lt\/preke\/krosnele-su-vandens-konturu-temy-pro-12-kw-kaireje-smelio-2\/#breadcrumb\",\"itemListElement\":[{\"@type\":\"ListItem\",\"position\":1,\"name\":\"Home\",\"item\":\"https:\/\/statybutech.lt\/\"},{\"@type\":\"ListItem\",\"position\":2,\"name\":\"Shop\",\"item\":\"https:\/\/statybutech.lt\/shop\/\"},{\"@type\":\"ListItem\",\"position\":3,\"name\":\"Krosnel\u0117 su vandens kont\u016bru TEMY PRO (12 kW) Kair\u0117je Sm\u0117lio\"}]},{\"@type\":\"WebSite\",\"@id\":\"https:\/\/statybutech.lt\/#website\",\"url\":\"https:\/\/statybutech.lt\/\",\"name\":\"STATYBUTECH.LT\",\"description\":\"Statybin\u0117 technika ir sodo technika\",\"potentialAction\":[{\"@type\":\"SearchAction\",\"target\":{\"@type\":\"EntryPoint\",\"urlTemplate\":\"https:\/\/statybutech.lt\/?s={search_term_string}\"},\"query-input\":{\"@type\":\"PropertyValueSpecification\",\"valueRequired\":true,\"valueName\":\"search_term_string\"}}],\"inLanguage\":\"lv-LV\"}]}<\/script>\n<!-- \/ Yoast SEO plugin. -->","yoast_head_json":{"title":"Krosnel\u0117 su vandens kont\u016bru TEMY PRO (12 kW) Kair\u0117je Sm\u0117lio - STATYBUTECH.LT","robots":{"index":"index","follow":"follow","max-snippet":"max-snippet:-1","max-image-preview":"max-image-preview:large","max-video-preview":"max-video-preview:-1"},"canonical":"https:\/\/statybutech.lt\/lv\/preke\/krosnele-su-vandens-konturu-temy-pro-12-kw-kaireje-smelio-2\/","og_locale":"lv_LV","og_type":"article","og_title":"Krosnel\u0117 su vandens kont\u016bru TEMY PRO (12 kW) Kair\u0117je Sm\u0117lio - STATYBUTECH.LT","og_description":"VISP\u0100R\u012aG\u0100S SPECIFIK\u0100CIJAS  Jauda nomin\u0101l\u0101 - 12 kW (apm\u0113ram 110 gadus2 apgabals)  Izm\u0113ri (A x P x D) 81 x 70 x 71 cm  Izejas caurums aug\u0161pus\u0113, 120 mm  Svars 191 kg  * Ja v\u0113lam\u0101 prece \u0161obr\u012bd nav pieejama, s\u016btiet piepras\u012bjumu uz e-pastu. pa pastu\u00a0info@rstechnika.lt. Varb\u016bt prece jau ir ce\u013c\u0101 pie mums!","og_url":"https:\/\/statybutech.lt\/lv\/preke\/krosnele-su-vandens-konturu-temy-pro-12-kw-kaireje-smelio-2\/","og_site_name":"STATYBUTECH.LT","og_image":[{"width":1500,"height":1500,"url":"https:\/\/statybutech.lt\/wp-content\/uploads\/070720266a4d2e08152bb.jpeg","type":"image\/jpeg"}],"twitter_card":"summary_large_image","twitter_misc":{"Est. reading time":"1 min\u016bte"},"schema":{"@context":"https:\/\/schema.org","@graph":[{"@type":"WebPage","@id":"https:\/\/statybutech.lt\/preke\/krosnele-su-vandens-konturu-temy-pro-12-kw-kaireje-smelio-2\/","url":"https:\/\/statybutech.lt\/preke\/krosnele-su-vandens-konturu-temy-pro-12-kw-kaireje-smelio-2\/","name":"Krosnel\u0117 su vandens kont\u016bru TEMY PRO (12 kW) Kair\u0117je Sm\u0117lio - STATYBUTECH.LT","isPartOf":{"@id":"https:\/\/statybutech.lt\/#website"},"primaryImageOfPage":{"@id":"https:\/\/statybutech.lt\/preke\/krosnele-su-vandens-konturu-temy-pro-12-kw-kaireje-smelio-2\/#primaryimage"},"image":{"@id":"https:\/\/statybutech.lt\/preke\/krosnele-su-vandens-konturu-temy-pro-12-kw-kaireje-smelio-2\/#primaryimage"},"thumbnailUrl":"https:\/\/rs-technika.lt\/wp-content\/uploads\/2025\/08\/krosnele-su-vandens-konturu-temy-pro-12-kw-450x450.jpg","datePublished":"2026-07-14T18:55:50+00:00","breadcrumb":{"@id":"https:\/\/statybutech.lt\/preke\/krosnele-su-vandens-konturu-temy-pro-12-kw-kaireje-smelio-2\/#breadcrumb"},"inLanguage":"lv-LV","potentialAction":[{"@type":"ReadAction","target":["https:\/\/statybutech.lt\/preke\/krosnele-su-vandens-konturu-temy-pro-12-kw-kaireje-smelio-2\/"]}]},{"@type":"ImageObject","inLanguage":"lv-LV","@id":"https:\/\/statybutech.lt\/preke\/krosnele-su-vandens-konturu-temy-pro-12-kw-kaireje-smelio-2\/#primaryimage","url":"https:\/\/rs-technika.lt\/wp-content\/uploads\/2025\/08\/krosnele-su-vandens-konturu-temy-pro-12-kw-450x450.jpg","contentUrl":"https:\/\/rs-technika.lt\/wp-content\/uploads\/2025\/08\/krosnele-su-vandens-konturu-temy-pro-12-kw-450x450.jpg"},{"@type":"BreadcrumbList","@id":"https:\/\/statybutech.lt\/preke\/krosnele-su-vandens-konturu-temy-pro-12-kw-kaireje-smelio-2\/#breadcrumb","itemListElement":[{"@type":"ListItem","position":1,"name":"Home","item":"https:\/\/statybutech.lt\/"},{"@type":"ListItem","position":2,"name":"Shop","item":"https:\/\/statybutech.lt\/shop\/"},{"@type":"ListItem","position":3,"name":"Krosnel\u0117 su vandens kont\u016bru TEMY PRO (12 kW) Kair\u0117je Sm\u0117lio"}]},{"@type":"WebSite","@id":"https:\/\/statybutech.lt\/#website","url":"https:\/\/statybutech.lt\/","name":"STATYBUTECH.LT","description":"B\u016bvniec\u012bbas tehnika un d\u0101rza tehnika","potentialAction":[{"@type":"SearchAction","target":{"@type":"EntryPoint","urlTemplate":"https:\/\/statybutech.lt\/?s={search_term_string}"},"query-input":{"@type":"PropertyValueSpecification","valueRequired":true,"valueName":"search_term_string"}}],"inLanguage":"lv-LV"}]}},"_links":{"self":[{"href":"https:\/\/statybutech.lt\/lv\/wp-json\/wp\/v2\/product\/160761","targetHints":{"allow":["GET"]}}],"collection":[{"href":"https:\/\/statybutech.lt\/lv\/wp-json\/wp\/v2\/product"}],"about":[{"href":"https:\/\/statybutech.lt\/lv\/wp-json\/wp\/v2\/types\/product"}],"replies":[{"embeddable":true,"href":"https:\/\/statybutech.lt\/lv\/wp-json\/wp\/v2\/comments?post=160761"}],"wp:attachment":[{"href":"https:\/\/statybutech.lt\/lv\/wp-json\/wp\/v2\/media?parent=160761"}],"wp:term":[{"taxonomy":"product_brand","embeddable":true,"href":"https:\/\/statybutech.lt\/lv\/wp-json\/wp\/v2\/product_brand?post=160761"},{"taxonomy":"product_cat","embeddable":true,"href":"https:\/\/statybutech.lt\/lv\/wp-json\/wp\/v2\/product_cat?post=160761"},{"taxonomy":"product_tag","embeddable":true,"href":"https:\/\/statybutech.lt\/lv\/wp-json\/wp\/v2\/product_tag?post=160761"}],"curies":[{"name":"wp","href":"https:\/\/api.w.org\/{rel}","templated":true}]}}