{"id":179115,"date":"2026-07-23T10:40:41","date_gmt":"2026-07-23T07:40:41","guid":{"rendered":"https:\/\/statybutech.lt\/preke\/tarcza-widiowa-230-mm-do-drewna\/"},"modified":"2026-09-05T03:07:15","modified_gmt":"2026-09-05T00:07:15","slug":"tarcza-widiowa-230-mm-do-drewna","status":"publish","type":"product","link":"https:\/\/statybutech.lt\/lv\/preke\/tarcza-widiowa-230-mm-do-drewna\/","title":{"rendered":"Widia asmens 230 mm kokam"},"content":{"rendered":"<p>Univers\u0101ls z\u0101\u0123a asmens \u0101trai un prec\u012bzai grie\u0161anai visos standarta pielietojumos, kas ietver m\u012bkstkoksni, cietkoksni, lamin\u0113tu lignofoliju, skaidu pl\u0101tni un galdniec\u012bbas d\u0113\u013cus. Ar karb\u012bda uzga\u013ciem asme\u0146i ir izgatavoti no karstumiztur\u012bga un deform\u0101cijai iztur\u012bga t\u0113rauda. Speci\u0101li izstr\u0101d\u0101tie zobi ir papildus r\u016bd\u012bti un uzga\u013ci ar sa\u0137epin\u0101tu karb\u012bdu, iev\u0113rojami palielinot asmens iztur\u012bbu un pagarinot t\u0101 kalpo\u0161anas laiku. Maz\u0101ki zobi apvienojum\u0101 ar liel\u0101ku zobu skaitu uzlabo grie\u0161anas kvalit\u0101ti. Maz\u0101ki zobi nov\u0113r\u0161 griezt\u0101s koksnes pl\u012b\u0161anu. Izv\u0113lieties asme\u0146us ar 20, 24, 30, 36 vai pat 60 zobiem. \u012apa\u0161\u012bbas: \u2022 Izm\u0113rs: 230 mm \u2022 Pieejamo zobu skaits \u2022 Karstumiztur\u012bgs \u2022 R\u016bd\u012bti un ar karb\u012bda uzga\u013ciem zobi \u2022 Prec\u012bzs un iztur\u012bgs. Komplekt\u0101 ietilpst: \u2022 230 mm ar karb\u012bda uzga\u013ciem z\u0101\u0123\u0113tais asmens kokam \u2022 Papildu adapteri mont\u0101\u017eai \u2022 Ori\u0123in\u0101lais iepakojums \u2022 \u010ceks vai r\u0113\u0137ins.<\/p>","protected":false},"excerpt":{"rendered":"<p>Univers\u0101ls z\u0101\u0123a asmens \u0101trai un prec\u012bzai grie\u0161anai visos standarta pielietojumos, kas ietver m\u012bkstkoksni, cietkoksni, lamin\u0113tu lignofoliju, skaidu pl\u0101tni un galdniec\u012bbas d\u0113\u013cus. Ar karb\u012bda uzga\u013ciem asme\u0146i ir izgatavoti no karstumiztur\u012bga un deform\u0101cijai iztur\u012bga t\u0113rauda. Speci\u0101li izstr\u0101d\u0101tie zobi ir papildus r\u016bd\u012bti un uzga\u013ci ar sa\u0137epin\u0101tu karb\u012bdu, iev\u0113rojami palielinot asmens iztur\u012bbu un pagarinot t\u0101 kalpo\u0161anas laiku. Maz\u0101ki zobi [&hellip;]<\/p>\n","protected":false},"featured_media":179116,"comment_status":"open","ping_status":"closed","template":"","meta":{"_joinchat":[]},"product_brand":[],"product_cat":[17798],"product_tag":[],"class_list":["post-179115","product","type-product","status-publish","has-post-thumbnail","product_cat-be-kategorijos","first","outofstock","shipping-taxable","purchasable","product-type-simple"],"yoast_head":"<!-- This site is optimized with the Yoast SEO plugin v24.5 - https:\/\/yoast.com\/wordpress\/plugins\/seo\/ -->\n<title>Tarcza widiowa 230 mm do drewna - STATYBUTECH.LT<\/title>\n<meta name=\"robots\" content=\"index, follow, max-snippet:-1, max-image-preview:large, max-video-preview:-1\" \/>\n<link rel=\"canonical\" href=\"https:\/\/statybutech.lt\/lv\/preke\/tarcza-widiowa-230-mm-do-drewna\/\" \/>\n<meta property=\"og:locale\" content=\"lv_LV\" \/>\n<meta property=\"og:type\" content=\"article\" \/>\n<meta property=\"og:title\" content=\"Tarcza widiowa 230 mm do drewna - STATYBUTECH.LT\" \/>\n<meta property=\"og:description\" content=\"Univers\u0101ls z\u0101\u0123a asmens \u0101trai un prec\u012bzai grie\u0161anai visos standarta pielietojumos, kas ietver m\u012bkstkoksni, cietkoksni, lamin\u0113tu lignofoliju, skaidu pl\u0101tni un galdniec\u012bbas d\u0113\u013cus. Ar karb\u012bda uzga\u013ciem asme\u0146i ir izgatavoti no karstumiztur\u012bga un deform\u0101cijai iztur\u012bga t\u0113rauda. Speci\u0101li izstr\u0101d\u0101tie zobi ir papildus r\u016bd\u012bti un uzga\u013ci ar sa\u0137epin\u0101tu karb\u012bdu, iev\u0113rojami palielinot asmens iztur\u012bbu un pagarinot t\u0101 kalpo\u0161anas laiku. Maz\u0101ki zobi [&hellip;]\" \/>\n<meta property=\"og:url\" content=\"https:\/\/statybutech.lt\/lv\/preke\/tarcza-widiowa-230-mm-do-drewna\/\" \/>\n<meta property=\"og:site_name\" content=\"STATYBUTECH.LT\" \/>\n<meta property=\"article:modified_time\" content=\"2026-09-05T00:07:15+00:00\" \/>\n<meta name=\"twitter:card\" content=\"summary_large_image\" \/>\n<meta name=\"twitter:label1\" content=\"Est. reading time\" \/>\n\t<meta name=\"twitter:data1\" content=\"1 min\u016bte\" \/>\n<script type=\"application\/ld+json\" class=\"yoast-schema-graph\">{\"@context\":\"https:\/\/schema.org\",\"@graph\":[{\"@type\":\"WebPage\",\"@id\":\"https:\/\/statybutech.lt\/preke\/tarcza-widiowa-230-mm-do-drewna\/\",\"url\":\"https:\/\/statybutech.lt\/preke\/tarcza-widiowa-230-mm-do-drewna\/\",\"name\":\"Tarcza widiowa 230 mm do drewna - STATYBUTECH.LT\",\"isPartOf\":{\"@id\":\"https:\/\/statybutech.lt\/#website\"},\"primaryImageOfPage\":{\"@id\":\"https:\/\/statybutech.lt\/preke\/tarcza-widiowa-230-mm-do-drewna\/#primaryimage\"},\"image\":{\"@id\":\"https:\/\/statybutech.lt\/preke\/tarcza-widiowa-230-mm-do-drewna\/#primaryimage\"},\"thumbnailUrl\":\"https:\/\/statybutech.lt\/wp-content\/uploads\/190620266a34e85807a8a.jpeg\",\"datePublished\":\"2026-07-23T07:40:41+00:00\",\"dateModified\":\"2026-09-05T00:07:15+00:00\",\"breadcrumb\":{\"@id\":\"https:\/\/statybutech.lt\/preke\/tarcza-widiowa-230-mm-do-drewna\/#breadcrumb\"},\"inLanguage\":\"lv-LV\",\"potentialAction\":[{\"@type\":\"ReadAction\",\"target\":[\"https:\/\/statybutech.lt\/preke\/tarcza-widiowa-230-mm-do-drewna\/\"]}]},{\"@type\":\"ImageObject\",\"inLanguage\":\"lv-LV\",\"@id\":\"https:\/\/statybutech.lt\/preke\/tarcza-widiowa-230-mm-do-drewna\/#primaryimage\",\"url\":\"https:\/\/statybutech.lt\/wp-content\/uploads\/190620266a34e85807a8a.jpeg\",\"contentUrl\":\"https:\/\/statybutech.lt\/wp-content\/uploads\/190620266a34e85807a8a.jpeg\",\"width\":1105,\"height\":1082},{\"@type\":\"BreadcrumbList\",\"@id\":\"https:\/\/statybutech.lt\/preke\/tarcza-widiowa-230-mm-do-drewna\/#breadcrumb\",\"itemListElement\":[{\"@type\":\"ListItem\",\"position\":1,\"name\":\"Home\",\"item\":\"https:\/\/statybutech.lt\/\"},{\"@type\":\"ListItem\",\"position\":2,\"name\":\"Shop\",\"item\":\"https:\/\/statybutech.lt\/shop\/\"},{\"@type\":\"ListItem\",\"position\":3,\"name\":\"Tarcza widiowa 230 mm do drewna\"}]},{\"@type\":\"WebSite\",\"@id\":\"https:\/\/statybutech.lt\/#website\",\"url\":\"https:\/\/statybutech.lt\/\",\"name\":\"STATYBUTECH.LT\",\"description\":\"Statybin\u0117 technika ir sodo technika\",\"potentialAction\":[{\"@type\":\"SearchAction\",\"target\":{\"@type\":\"EntryPoint\",\"urlTemplate\":\"https:\/\/statybutech.lt\/?s={search_term_string}\"},\"query-input\":{\"@type\":\"PropertyValueSpecification\",\"valueRequired\":true,\"valueName\":\"search_term_string\"}}],\"inLanguage\":\"lv-LV\"}]}<\/script>\n<!-- \/ Yoast SEO plugin. -->","yoast_head_json":{"title":"Tarcza widiowa 230 mm do drewna - STATYBUTECH.LT","robots":{"index":"index","follow":"follow","max-snippet":"max-snippet:-1","max-image-preview":"max-image-preview:large","max-video-preview":"max-video-preview:-1"},"canonical":"https:\/\/statybutech.lt\/lv\/preke\/tarcza-widiowa-230-mm-do-drewna\/","og_locale":"lv_LV","og_type":"article","og_title":"Tarcza widiowa 230 mm do drewna - STATYBUTECH.LT","og_description":"Univers\u0101ls z\u0101\u0123a asmens \u0101trai un prec\u012bzai grie\u0161anai visos standarta pielietojumos, kas ietver m\u012bkstkoksni, cietkoksni, lamin\u0113tu lignofoliju, skaidu pl\u0101tni un galdniec\u012bbas d\u0113\u013cus. Ar karb\u012bda uzga\u013ciem asme\u0146i ir izgatavoti no karstumiztur\u012bga un deform\u0101cijai iztur\u012bga t\u0113rauda. Speci\u0101li izstr\u0101d\u0101tie zobi ir papildus r\u016bd\u012bti un uzga\u013ci ar sa\u0137epin\u0101tu karb\u012bdu, iev\u0113rojami palielinot asmens iztur\u012bbu un pagarinot t\u0101 kalpo\u0161anas laiku. Maz\u0101ki zobi [&hellip;]","og_url":"https:\/\/statybutech.lt\/lv\/preke\/tarcza-widiowa-230-mm-do-drewna\/","og_site_name":"STATYBUTECH.LT","article_modified_time":"2026-09-05T00:07:15+00:00","twitter_card":"summary_large_image","twitter_misc":{"Est. reading time":"1 min\u016bte"},"schema":{"@context":"https:\/\/schema.org","@graph":[{"@type":"WebPage","@id":"https:\/\/statybutech.lt\/preke\/tarcza-widiowa-230-mm-do-drewna\/","url":"https:\/\/statybutech.lt\/preke\/tarcza-widiowa-230-mm-do-drewna\/","name":"Tarcza widiowa 230 mm do drewna - STATYBUTECH.LT","isPartOf":{"@id":"https:\/\/statybutech.lt\/#website"},"primaryImageOfPage":{"@id":"https:\/\/statybutech.lt\/preke\/tarcza-widiowa-230-mm-do-drewna\/#primaryimage"},"image":{"@id":"https:\/\/statybutech.lt\/preke\/tarcza-widiowa-230-mm-do-drewna\/#primaryimage"},"thumbnailUrl":"https:\/\/statybutech.lt\/wp-content\/uploads\/190620266a34e85807a8a.jpeg","datePublished":"2026-07-23T07:40:41+00:00","dateModified":"2026-09-05T00:07:15+00:00","breadcrumb":{"@id":"https:\/\/statybutech.lt\/preke\/tarcza-widiowa-230-mm-do-drewna\/#breadcrumb"},"inLanguage":"lv-LV","potentialAction":[{"@type":"ReadAction","target":["https:\/\/statybutech.lt\/preke\/tarcza-widiowa-230-mm-do-drewna\/"]}]},{"@type":"ImageObject","inLanguage":"lv-LV","@id":"https:\/\/statybutech.lt\/preke\/tarcza-widiowa-230-mm-do-drewna\/#primaryimage","url":"https:\/\/statybutech.lt\/wp-content\/uploads\/190620266a34e85807a8a.jpeg","contentUrl":"https:\/\/statybutech.lt\/wp-content\/uploads\/190620266a34e85807a8a.jpeg","width":1105,"height":1082},{"@type":"BreadcrumbList","@id":"https:\/\/statybutech.lt\/preke\/tarcza-widiowa-230-mm-do-drewna\/#breadcrumb","itemListElement":[{"@type":"ListItem","position":1,"name":"Home","item":"https:\/\/statybutech.lt\/"},{"@type":"ListItem","position":2,"name":"Shop","item":"https:\/\/statybutech.lt\/shop\/"},{"@type":"ListItem","position":3,"name":"Tarcza widiowa 230 mm do drewna"}]},{"@type":"WebSite","@id":"https:\/\/statybutech.lt\/#website","url":"https:\/\/statybutech.lt\/","name":"STATYBUTECH.LT","description":"B\u016bvniec\u012bbas tehnika un d\u0101rza tehnika","potentialAction":[{"@type":"SearchAction","target":{"@type":"EntryPoint","urlTemplate":"https:\/\/statybutech.lt\/?s={search_term_string}"},"query-input":{"@type":"PropertyValueSpecification","valueRequired":true,"valueName":"search_term_string"}}],"inLanguage":"lv-LV"}]}},"_links":{"self":[{"href":"https:\/\/statybutech.lt\/lv\/wp-json\/wp\/v2\/product\/179115","targetHints":{"allow":["GET"]}}],"collection":[{"href":"https:\/\/statybutech.lt\/lv\/wp-json\/wp\/v2\/product"}],"about":[{"href":"https:\/\/statybutech.lt\/lv\/wp-json\/wp\/v2\/types\/product"}],"replies":[{"embeddable":true,"href":"https:\/\/statybutech.lt\/lv\/wp-json\/wp\/v2\/comments?post=179115"}],"wp:featuredmedia":[{"embeddable":true,"href":"https:\/\/statybutech.lt\/lv\/wp-json\/wp\/v2\/media\/179116"}],"wp:attachment":[{"href":"https:\/\/statybutech.lt\/lv\/wp-json\/wp\/v2\/media?parent=179115"}],"wp:term":[{"taxonomy":"product_brand","embeddable":true,"href":"https:\/\/statybutech.lt\/lv\/wp-json\/wp\/v2\/product_brand?post=179115"},{"taxonomy":"product_cat","embeddable":true,"href":"https:\/\/statybutech.lt\/lv\/wp-json\/wp\/v2\/product_cat?post=179115"},{"taxonomy":"product_tag","embeddable":true,"href":"https:\/\/statybutech.lt\/lv\/wp-json\/wp\/v2\/product_tag?post=179115"}],"curies":[{"name":"wp","href":"https:\/\/api.w.org\/{rel}","templated":true}]}}