{"id":179883,"date":"2026-07-23T10:50:37","date_gmt":"2026-07-23T07:50:37","guid":{"rendered":"https:\/\/statybutech.lt\/preke\/tasma-do-pakowania-czarna-48mm-x-45m-kd11841\/"},"modified":"2026-09-04T15:07:47","modified_gmt":"2026-09-04T12:07:47","slug":"tasma-do-pakowania-czarna-48mm-x-45m-kd11841","status":"publish","type":"product","link":"https:\/\/statybutech.lt\/lv\/preke\/tasma-do-pakowania-czarna-48mm-x-45m-kd11841\/","title":{"rendered":"Melna iepako\u0161anas lente 48mm x 45m KD11841"},"content":{"rendered":"<p>Melna iepakojuma lente 48 mm x 45 m KD11841 (minim\u0101lais pirkums: 5 gab.). KD11841 ir profesion\u0101la iepakojuma lente no KRAFT&#038;DELE, kas paredz\u0113ta kastu, paku un aplok\u0161\u0146u aizl\u012bm\u0113\u0161anai. Pateicoties augstas kvalit\u0101tes konstrukcijai un sp\u0113c\u012bgajai akrila l\u012bmei, t\u0101 nodro\u0161ina iztur\u012bgu un dro\u0161u s\u016bt\u012bjumu aizl\u012bm\u0113\u0161anu. Lentei ir lieliska sa\u0137ere ar da\u017e\u0101d\u0101m virsm\u0101m, padarot to ide\u0101li piem\u0113rotu lieto\u0161anai m\u0101j\u0101s, noliktav\u0101s un lo\u0123istikas uz\u0146\u0113mumiem. T\u0101s univers\u0101lais izm\u0113rs \u013cauj to izmantot ar liel\u0101ko da\u013cu manu\u0101lo un autom\u0101tisko aizl\u012bm\u0113\u0161anas iek\u0101rtu. Meln\u0101 kr\u0101sa pie\u0161\u0137ir est\u0113tiski pievilc\u012bgu izskatu un \u013cauj izcelties iepakotaj\u0101m s\u016bt\u012bjumiem. PRODUKTA \u012aPA\u0160\u012aBAS: \u2705 Augsta sa\u0137ere &#8211; iztur\u012bga un dro\u0161a s\u016bt\u012bjumu aizv\u0113r\u0161ana \u2705 Akrila l\u012bme &#8211; efekt\u012bva sa\u0137ere ar virsmu \u2705 Univers\u0101ls lietojums &#8211; manu\u0101la un autom\u0101tiska iepako\u0161ana \u2705 Savietojam\u012bba &#8211; der liel\u0101kajai da\u013cai aizl\u012bm\u0113\u0161anas iek\u0101rtu \u2705 Garums 45 m &#8211; efekt\u012bva lieto\u0161ana \u2705 Platums 48 mm &#8211; standarta izm\u0113rs \u2705 Melna kr\u0101sa &#8211; est\u0113tika un praktiskums TEHNISKIE DATI: \u2699\ufe0f Z\u012bmols KRAFT&#038;DELE \u2699\ufe0f Modelis KD11841 \u2699\ufe0f Platums 48 mm \u2699\ufe0f Garums aptuveni 45 m \u2699\ufe0f Kr\u0101sa Melna \u2699\ufe0f L\u012bmes tips Akrils PRODUKTA SAST\u0100VS: \u2705 KD11841 iepakojuma lente \u2705 Ori\u0123in\u0101lais iepakojums \u2705 \u010ceks vai PVN r\u0113\u0137ins \u2705 Garantija 12 m\u0113ne\u0161i Iepakojuma lente; kartona lente; l\u012bmlente; melna lente; 48 mm lente; 45 m lente; s\u016bt\u012bjumu iepako\u0161anas lente;<\/p>","protected":false},"excerpt":{"rendered":"<p>Melna iepakojuma lente 48 mm x 45 m KD11841 (minim\u0101lais pirkums: 5 gab.). KD11841 ir profesion\u0101la iepakojuma lente no KRAFT&#038;DELE, kas paredz\u0113ta kastu, paku un aplok\u0161\u0146u aizl\u012bm\u0113\u0161anai. Pateicoties augstas kvalit\u0101tes konstrukcijai un sp\u0113c\u012bgajai akrila l\u012bmei, t\u0101 nodro\u0161ina iztur\u012bgu un dro\u0161u s\u016bt\u012bjumu aizl\u012bm\u0113\u0161anu. Lentei ir lieliska sa\u0137ere ar da\u017e\u0101d\u0101m virsm\u0101m, padarot to ide\u0101li piem\u0113rotu lieto\u0161anai m\u0101j\u0101s, [&hellip;]<\/p>\n","protected":false},"featured_media":179884,"comment_status":"open","ping_status":"closed","template":"","meta":{"_joinchat":[]},"product_brand":[],"product_cat":[17798],"product_tag":[],"class_list":["post-179883","product","type-product","status-publish","has-post-thumbnail","product_cat-be-kategorijos","first","outofstock","shipping-taxable","purchasable","product-type-simple"],"yoast_head":"<!-- This site is optimized with the Yoast SEO plugin v24.5 - https:\/\/yoast.com\/wordpress\/plugins\/seo\/ -->\n<title>Ta\u015bma do pakowania czarna 48mm x 45m KD11841 - STATYBUTECH.LT<\/title>\n<meta name=\"robots\" content=\"index, follow, max-snippet:-1, max-image-preview:large, max-video-preview:-1\" \/>\n<link rel=\"canonical\" href=\"https:\/\/statybutech.lt\/lv\/preke\/tasma-do-pakowania-czarna-48mm-x-45m-kd11841\/\" \/>\n<meta property=\"og:locale\" content=\"lv_LV\" \/>\n<meta property=\"og:type\" content=\"article\" \/>\n<meta property=\"og:title\" content=\"Ta\u015bma do pakowania czarna 48mm x 45m KD11841 - STATYBUTECH.LT\" \/>\n<meta property=\"og:description\" content=\"Melna iepakojuma lente 48 mm x 45 m KD11841 (minim\u0101lais pirkums: 5 gab.). KD11841 ir profesion\u0101la iepakojuma lente no KRAFT&#038;DELE, kas paredz\u0113ta kastu, paku un aplok\u0161\u0146u aizl\u012bm\u0113\u0161anai. Pateicoties augstas kvalit\u0101tes konstrukcijai un sp\u0113c\u012bgajai akrila l\u012bmei, t\u0101 nodro\u0161ina iztur\u012bgu un dro\u0161u s\u016bt\u012bjumu aizl\u012bm\u0113\u0161anu. Lentei ir lieliska sa\u0137ere ar da\u017e\u0101d\u0101m virsm\u0101m, padarot to ide\u0101li piem\u0113rotu lieto\u0161anai m\u0101j\u0101s, [&hellip;]\" \/>\n<meta property=\"og:url\" content=\"https:\/\/statybutech.lt\/lv\/preke\/tasma-do-pakowania-czarna-48mm-x-45m-kd11841\/\" \/>\n<meta property=\"og:site_name\" content=\"STATYBUTECH.LT\" \/>\n<meta property=\"article:modified_time\" content=\"2026-09-04T12:07:47+00:00\" \/>\n<meta name=\"twitter:card\" content=\"summary_large_image\" \/>\n<meta name=\"twitter:label1\" content=\"Est. reading time\" \/>\n\t<meta name=\"twitter:data1\" content=\"1 min\u016bte\" \/>\n<script type=\"application\/ld+json\" class=\"yoast-schema-graph\">{\"@context\":\"https:\/\/schema.org\",\"@graph\":[{\"@type\":\"WebPage\",\"@id\":\"https:\/\/statybutech.lt\/preke\/tasma-do-pakowania-czarna-48mm-x-45m-kd11841\/\",\"url\":\"https:\/\/statybutech.lt\/preke\/tasma-do-pakowania-czarna-48mm-x-45m-kd11841\/\",\"name\":\"Ta\u015bma do pakowania czarna 48mm x 45m KD11841 - STATYBUTECH.LT\",\"isPartOf\":{\"@id\":\"https:\/\/statybutech.lt\/#website\"},\"primaryImageOfPage\":{\"@id\":\"https:\/\/statybutech.lt\/preke\/tasma-do-pakowania-czarna-48mm-x-45m-kd11841\/#primaryimage\"},\"image\":{\"@id\":\"https:\/\/statybutech.lt\/preke\/tasma-do-pakowania-czarna-48mm-x-45m-kd11841\/#primaryimage\"},\"thumbnailUrl\":\"https:\/\/statybutech.lt\/wp-content\/uploads\/290520266a19811b399dc.jpeg\",\"datePublished\":\"2026-07-23T07:50:37+00:00\",\"dateModified\":\"2026-09-04T12:07:47+00:00\",\"breadcrumb\":{\"@id\":\"https:\/\/statybutech.lt\/preke\/tasma-do-pakowania-czarna-48mm-x-45m-kd11841\/#breadcrumb\"},\"inLanguage\":\"lv-LV\",\"potentialAction\":[{\"@type\":\"ReadAction\",\"target\":[\"https:\/\/statybutech.lt\/preke\/tasma-do-pakowania-czarna-48mm-x-45m-kd11841\/\"]}]},{\"@type\":\"ImageObject\",\"inLanguage\":\"lv-LV\",\"@id\":\"https:\/\/statybutech.lt\/preke\/tasma-do-pakowania-czarna-48mm-x-45m-kd11841\/#primaryimage\",\"url\":\"https:\/\/statybutech.lt\/wp-content\/uploads\/290520266a19811b399dc.jpeg\",\"contentUrl\":\"https:\/\/statybutech.lt\/wp-content\/uploads\/290520266a19811b399dc.jpeg\",\"width\":1600,\"height\":969},{\"@type\":\"BreadcrumbList\",\"@id\":\"https:\/\/statybutech.lt\/preke\/tasma-do-pakowania-czarna-48mm-x-45m-kd11841\/#breadcrumb\",\"itemListElement\":[{\"@type\":\"ListItem\",\"position\":1,\"name\":\"Home\",\"item\":\"https:\/\/statybutech.lt\/\"},{\"@type\":\"ListItem\",\"position\":2,\"name\":\"Shop\",\"item\":\"https:\/\/statybutech.lt\/shop\/\"},{\"@type\":\"ListItem\",\"position\":3,\"name\":\"Ta\u015bma do pakowania czarna 48mm x 45m KD11841\"}]},{\"@type\":\"WebSite\",\"@id\":\"https:\/\/statybutech.lt\/#website\",\"url\":\"https:\/\/statybutech.lt\/\",\"name\":\"STATYBUTECH.LT\",\"description\":\"Statybin\u0117 technika ir sodo technika\",\"potentialAction\":[{\"@type\":\"SearchAction\",\"target\":{\"@type\":\"EntryPoint\",\"urlTemplate\":\"https:\/\/statybutech.lt\/?s={search_term_string}\"},\"query-input\":{\"@type\":\"PropertyValueSpecification\",\"valueRequired\":true,\"valueName\":\"search_term_string\"}}],\"inLanguage\":\"lv-LV\"}]}<\/script>\n<!-- \/ Yoast SEO plugin. -->","yoast_head_json":{"title":"Ta\u015bma do pakowania czarna 48mm x 45m KD11841 - STATYBUTECH.LT","robots":{"index":"index","follow":"follow","max-snippet":"max-snippet:-1","max-image-preview":"max-image-preview:large","max-video-preview":"max-video-preview:-1"},"canonical":"https:\/\/statybutech.lt\/lv\/preke\/tasma-do-pakowania-czarna-48mm-x-45m-kd11841\/","og_locale":"lv_LV","og_type":"article","og_title":"Ta\u015bma do pakowania czarna 48mm x 45m KD11841 - STATYBUTECH.LT","og_description":"Melna iepakojuma lente 48 mm x 45 m KD11841 (minim\u0101lais pirkums: 5 gab.). KD11841 ir profesion\u0101la iepakojuma lente no KRAFT&#038;DELE, kas paredz\u0113ta kastu, paku un aplok\u0161\u0146u aizl\u012bm\u0113\u0161anai. Pateicoties augstas kvalit\u0101tes konstrukcijai un sp\u0113c\u012bgajai akrila l\u012bmei, t\u0101 nodro\u0161ina iztur\u012bgu un dro\u0161u s\u016bt\u012bjumu aizl\u012bm\u0113\u0161anu. Lentei ir lieliska sa\u0137ere ar da\u017e\u0101d\u0101m virsm\u0101m, padarot to ide\u0101li piem\u0113rotu lieto\u0161anai m\u0101j\u0101s, [&hellip;]","og_url":"https:\/\/statybutech.lt\/lv\/preke\/tasma-do-pakowania-czarna-48mm-x-45m-kd11841\/","og_site_name":"STATYBUTECH.LT","article_modified_time":"2026-09-04T12:07:47+00:00","twitter_card":"summary_large_image","twitter_misc":{"Est. reading time":"1 min\u016bte"},"schema":{"@context":"https:\/\/schema.org","@graph":[{"@type":"WebPage","@id":"https:\/\/statybutech.lt\/preke\/tasma-do-pakowania-czarna-48mm-x-45m-kd11841\/","url":"https:\/\/statybutech.lt\/preke\/tasma-do-pakowania-czarna-48mm-x-45m-kd11841\/","name":"Ta\u015bma do pakowania czarna 48mm x 45m KD11841 - STATYBUTECH.LT","isPartOf":{"@id":"https:\/\/statybutech.lt\/#website"},"primaryImageOfPage":{"@id":"https:\/\/statybutech.lt\/preke\/tasma-do-pakowania-czarna-48mm-x-45m-kd11841\/#primaryimage"},"image":{"@id":"https:\/\/statybutech.lt\/preke\/tasma-do-pakowania-czarna-48mm-x-45m-kd11841\/#primaryimage"},"thumbnailUrl":"https:\/\/statybutech.lt\/wp-content\/uploads\/290520266a19811b399dc.jpeg","datePublished":"2026-07-23T07:50:37+00:00","dateModified":"2026-09-04T12:07:47+00:00","breadcrumb":{"@id":"https:\/\/statybutech.lt\/preke\/tasma-do-pakowania-czarna-48mm-x-45m-kd11841\/#breadcrumb"},"inLanguage":"lv-LV","potentialAction":[{"@type":"ReadAction","target":["https:\/\/statybutech.lt\/preke\/tasma-do-pakowania-czarna-48mm-x-45m-kd11841\/"]}]},{"@type":"ImageObject","inLanguage":"lv-LV","@id":"https:\/\/statybutech.lt\/preke\/tasma-do-pakowania-czarna-48mm-x-45m-kd11841\/#primaryimage","url":"https:\/\/statybutech.lt\/wp-content\/uploads\/290520266a19811b399dc.jpeg","contentUrl":"https:\/\/statybutech.lt\/wp-content\/uploads\/290520266a19811b399dc.jpeg","width":1600,"height":969},{"@type":"BreadcrumbList","@id":"https:\/\/statybutech.lt\/preke\/tasma-do-pakowania-czarna-48mm-x-45m-kd11841\/#breadcrumb","itemListElement":[{"@type":"ListItem","position":1,"name":"Home","item":"https:\/\/statybutech.lt\/"},{"@type":"ListItem","position":2,"name":"Shop","item":"https:\/\/statybutech.lt\/shop\/"},{"@type":"ListItem","position":3,"name":"Ta\u015bma do pakowania czarna 48mm x 45m KD11841"}]},{"@type":"WebSite","@id":"https:\/\/statybutech.lt\/#website","url":"https:\/\/statybutech.lt\/","name":"STATYBUTECH.LT","description":"B\u016bvniec\u012bbas tehnika un d\u0101rza tehnika","potentialAction":[{"@type":"SearchAction","target":{"@type":"EntryPoint","urlTemplate":"https:\/\/statybutech.lt\/?s={search_term_string}"},"query-input":{"@type":"PropertyValueSpecification","valueRequired":true,"valueName":"search_term_string"}}],"inLanguage":"lv-LV"}]}},"_links":{"self":[{"href":"https:\/\/statybutech.lt\/lv\/wp-json\/wp\/v2\/product\/179883","targetHints":{"allow":["GET"]}}],"collection":[{"href":"https:\/\/statybutech.lt\/lv\/wp-json\/wp\/v2\/product"}],"about":[{"href":"https:\/\/statybutech.lt\/lv\/wp-json\/wp\/v2\/types\/product"}],"replies":[{"embeddable":true,"href":"https:\/\/statybutech.lt\/lv\/wp-json\/wp\/v2\/comments?post=179883"}],"wp:featuredmedia":[{"embeddable":true,"href":"https:\/\/statybutech.lt\/lv\/wp-json\/wp\/v2\/media\/179884"}],"wp:attachment":[{"href":"https:\/\/statybutech.lt\/lv\/wp-json\/wp\/v2\/media?parent=179883"}],"wp:term":[{"taxonomy":"product_brand","embeddable":true,"href":"https:\/\/statybutech.lt\/lv\/wp-json\/wp\/v2\/product_brand?post=179883"},{"taxonomy":"product_cat","embeddable":true,"href":"https:\/\/statybutech.lt\/lv\/wp-json\/wp\/v2\/product_cat?post=179883"},{"taxonomy":"product_tag","embeddable":true,"href":"https:\/\/statybutech.lt\/lv\/wp-json\/wp\/v2\/product_tag?post=179883"}],"curies":[{"name":"wp","href":"https:\/\/api.w.org\/{rel}","templated":true}]}}